{"id":3158,"date":"2018-07-31T12:54:41","date_gmt":"2018-07-31T10:54:41","guid":{"rendered":"http:\/\/innenrestaurierung-pfarrkirche-herschwiesen.de\/wordpress\/?page_id=3158"},"modified":"2023-06-21T11:04:06","modified_gmt":"2023-06-21T09:04:06","slug":"datenschutz","status":"publish","type":"page","link":"https:\/\/www.foerderverein-herschwiesen.de\/?page_id=3158","title":{"rendered":"Datenschutz"},"content":{"rendered":"<h1>Datenschutzerkl\u00e4rung:<\/h1>\n<h2><u>Gliederung \/ Verzeichnis<\/u><\/h2>\n<h4><strong>A.\u00a0\u00a0 Name und Kontaktdaten des f\u00fcr die Verarbeitung Verantwortlichen<\/strong><\/h4>\n<h4><strong>B.\u00a0\u00a0 Umfang der Verarbeitung personenbezogener Daten, Zweck der Verarbeitung<\/strong><\/h4>\n<ol>\n<li>\n<h4><strong>\u00a0Aufruf unserer Website und Erstellung von Logfiles<\/strong><\/h4>\n<\/li>\n<\/ol>\n<h5><strong>\u00a0\u00a0\u00a0\u00a0\u00a0\u00a0 a)\u00a0 Beschreibung der Datenverarbeitung, Speicherung<\/strong><br \/>\n<strong>\u00a0\u00a0\u00a0\u00a0\u00a0\u00a0 b)\u00a0 Zweck &amp; Rechtsgrundlage der Datenverarbeitung<\/strong><br \/>\n<strong>\u00a0\u00a0\u00a0\u00a0\u00a0\u00a0 c)\u00a0 Weitergabe, Empf\u00e4nger<\/strong><br \/>\n<strong>\u00a0\u00a0\u00a0\u00a0\u00a0\u00a0 d)\u00a0 Widerspruchs- und Beseitigungsm\u00f6glichkeit<\/strong><\/h5>\n<ol start=\"2\">\n<li>\n<h4><strong>Kontaktaufnahme per email durch den Nutzer<\/strong><\/h4>\n<\/li>\n<\/ol>\n<h5><strong>\u00a0\u00a0\u00a0\u00a0\u00a0\u00a0 a)\u00a0 Beschreibung der Datenverarbeitung, Speicherung<\/strong><br \/>\n<strong>\u00a0\u00a0\u00a0\u00a0\u00a0\u00a0 b)\u00a0 Zweck &amp; Rechtsgrundlage der Datenverarbeitung<\/strong><br \/>\n<strong>\u00a0\u00a0\u00a0\u00a0\u00a0\u00a0 c)\u00a0 Weitergabe<\/strong><br \/>\n<strong>\u00a0\u00a0\u00a0\u00a0\u00a0\u00a0 d)\u00a0 Widerspruchs- und Beseitigungsm\u00f6glichkeit<br \/>\n<\/strong><\/h5>\n<p><strong>\u00a0\u00a0 3. Download von Formularen<br \/>\n<\/strong><\/p>\n<h4><strong>\u00a0\u00a0 C.\u00a0 Rechte der betroffenen Personen<\/strong><\/h4>\n<h3><span style=\"text-decoration: underline;\"><strong>A. Name und Kontaktdaten des f\u00fcr die Verarbeitung Verantwortlichen<\/strong><\/span><\/h3>\n<h5><strong>Verantwortlicher im Sinne der Datenschutz-Grundverordnung und\u00a0 sonstiger\u00a0 datenschutzrechtlicher Bestimmungen f\u00fcr die Datenverarbeitung ist:<\/strong><\/h5>\n<h4>F\u00f6rderverein St. Pankratius, Herschwiesen e.V.<br \/>\nPankratiusring<br \/>\n56154 Boppard<\/h4>\n<h3>Vorsitzender:<\/h3>\n<h5>Dieter Dieler<br \/>\nIn den Wiesen 10<br \/>\n56154 Boppard<\/h5>\n<h4>Telefon:\u00a0\u00a0\u00a006745\/1225<br \/>\nE-Mail:\u00a0\u00a0 foerderverein.herschwiesen@gmail.com<\/h4>\n<h3><span style=\"text-decoration: underline;\">B. Umfang der Verarbeitung personenbezogener Daten, Zweck der\u00a0\u00a0 Verarbeitung<\/span><\/h3>\n<h3>1.\u00a0\u00a0 Aufruf unserer Website und Erstellung von Logfiles<\/h3>\n<h3>a)\u00a0\u00a0 Beschreibung der Datenverarbeitung, Speicherung<\/h3>\n<h5>Bei jedem Aufruf unserer Internetseite erfasst unser System automatisiert Daten und Informationen vom Computersystem des aufrufenden Rechners.<\/h5>\n<h5>Folgende Daten werden hierbei erhoben:<\/h5>\n<ul>\n<li>\n<h5>Informationen \u00fcber den Browsertyp und die verwendete Version<\/h5>\n<\/li>\n<li>\n<h5>das Betriebssystem des Nutzers<\/h5>\n<\/li>\n<li>\n<h5>die IP-Adresse des Nutzers<\/h5>\n<\/li>\n<li>\n<h5>Datum und Uhrzeit des Zugriffs<\/h5>\n<\/li>\n<li>\n<h5>Websites, von denen das System des Nutzers auf unsere Internetseite gelangt (Referrer-URL)<\/h5>\n<\/li>\n<li>\n<h5>die vom Nutzer aufgerufenen Unterseiten unserer Homepage,<\/h5>\n<\/li>\n<li>\n<h5>Name der abgerufenen Datei<\/h5>\n<\/li>\n<li>\n<h5>Meldung, ob der Abruf erfolgreich war<\/h5>\n<\/li>\n<\/ul>\n<h5>Diese Daten werden in den Logfiles des Systems nach 7 Tagen gel\u00f6scht, es sei denn, deren weitere Verarbeitung ist ausnahmsweise zur Wahrung unserer berechtigten Interessen erforderlich (bspw. zur Veranlassung einer Sperrung von IT-Adressen, Erstattung einer Strafanzeige). Falls ein derartiger Ausnahmefall besteht, werden die Daten gel\u00f6scht, sobald diese hierf\u00fcr nicht mehr ben\u00f6tigt werden.<\/h5>\n<h5>Eine Speicherung und \/ oder Zusammenf\u00fchrung dieser Daten zusammen mit anderen personenbezogenen Daten des Nutzers findet nicht statt.<\/h5>\n<h3>b)\u00a0\u00a0\u00a0\u00a0 Zweck &amp; Rechtsgrundlage der Datenverarbeitung<\/h3>\n<h5>Die unter a) genannten Daten werden erfasst,<\/h5>\n<ul>\n<li>\n<h5>um eine Auslieferung der Website an den Rechner des Nutzers zu erm\u00f6glichen. Rechtsgrundlage hierf\u00fcr ist Art.\u00a06 Abs.\u00a01 lit.\u00a0f DSGVO. Die vor\u00fcbergehende Erfassung der IP-Adresse zur Anzeige der vom Nutzer aufgerufenen Seiten ist hierf\u00fcr technisch erforderlich und stellt ein legitimes Interesse unsererseits im Sinne des Art.6 Abs.1 Satz 1 f DSGVO dar, dem keine \u00fcberwiegenden Interessen des Nutzers entgegenstehen.<\/h5>\n<\/li>\n<li>\n<h5>um die Sicherheit unseres Webservers und einen st\u00f6rungsfreien Betrieb unserer Webseite zu gew\u00e4hrleisten, z.B. Monitoring zur Vermeidung oder Aufdeckung von Hackerangriffen; Die genannten Zwecke stellen ein legitimes Interesse unsererseits im Sinne des Art.6 Abs.1 Satz 1 f DSGVO dar, dem keine \u00fcberwiegenden Interessen des Nutzers entgegenstehen.<\/h5>\n<\/li>\n<\/ul>\n<h5><\/h5>\n<h3>c)\u00a0\u00a0\u00a0\u00a0 Weitergabe \/ Empf\u00e4nger der Daten<\/h3>\n<h5>Die erfassten Daten werden bei unserem Webhosting-Anbieter gespeichert. Der Webhosting-Anbieter arbeitet in unserem Auftrag und stellt uns Speicherplatz f\u00fcr unsere Website zur Verf\u00fcgung und speichert die hiermit einhergehenden Datenverarbeitungsvorg\u00e4nge. Dieser Dienstleister wurde von uns sorgf\u00e4ltig ausgew\u00e4hlt und beauftragt, ist an unsere Weisungen gebunden und wird regelm\u00e4\u00dfig kontrolliert. Der Dienstleister hat seinen Sitz in der Europ\u00e4ischen Union oder in einem Land des Europ\u00e4ischen Wirtschaftsraums.<\/h5>\n<h5>Die gem\u00e4\u00df a) erfassten Daten\u00a0 werden nicht an Dritte \u00fcbermittelt, es sei denn, dies ist bei Angriffen auf unsere IT erforderlich, s. oben unter b), beispielsweise im Rahmen der Erstattung einer Strafanzeige gegen\u00fcber den Strafverfolgungsbeh\u00f6rden.<\/h5>\n<h3>d)\u00a0\u00a0\u00a0\u00a0 Widerspruchsm\u00f6glichkeit<\/h3>\n<h5>Die Erfassung der IP-Adresse ist zur Bereitstellung der Website und die Speicherung der Daten in Logfiles ist f\u00fcr den Betrieb der Internetseite zwingend erforderlich. Es besteht folglich seitens des Nutzers keine Widerspruchsm\u00f6glichkeit.<\/h5>\n<h5>Hinsichtlich der \u00fcbrigen gem\u00e4\u00df 1 a) verarbeiteten personenbezogenen Daten haben Sie das Recht, der Verarbeitung aus Gr\u00fcnden, die sich aus ihrer besonderen Situation ergeben, jederzeit zu widersprechen, vgl. hierzu die weiteren Informationen unter Abschnitt C.<\/h5>\n<h3>2. Kontaktaufnahme per email durch den Nutzer, Bewerbungen<\/h3>\n<h3>a)\u00a0\u00a0\u00a0\u00a0 Beschreibung der Datenverarbeitung, Speicherung<\/h3>\n<h5>Sie k\u00f6nnen uns \u00fcber die auf unserer Webseite bereitgestellten E-Mail-Adressen kontaktieren, z.B. Anfragen zu Vereinsaktivit\u00e4ten \/ Beitrittsfragen senden. In diesem Fall werden die von Ihnen mit der E-Mail \u00fcbermittelten personenbezogenen Daten gespeichert.<\/h5>\n<h5>Die Daten werden f\u00fcr die Beantwortung der Anfrage verwendet. Die Daten werden gel\u00f6scht, sobald sie f\u00fcr die Erreichung des Zweckes ihrer Erhebung nicht mehr erforderlich sind. Bezieht sich die Anfrage auf einen Vereinsbeitritt oder eine entsprechende Anfrage, werden die Kommunikationsinhalte und \u2013zeitpunkte gespeichert, bis etwaige Anspr\u00fcche hieraus verj\u00e4hrt sind. Im \u00dcbrigen werden Ihre personenbezogenen Daten f\u00fcr die weitere Verarbeitung eingeschr\u00e4nkt und nur noch zur Verteidigung gegen m\u00f6gliche Rechtsanspr\u00fcche genutzt, wenn die jeweilige Konversation mit Ihnen beendet ist. Beendet ist die Konversation dann, wenn sich aus den Umst\u00e4nden entnehmen l\u00e4sst, dass der betroffene Sachverhalt abschlie\u00dfend gekl\u00e4rt ist. Nach Ablauf der Verj\u00e4hrungsfrist werden die Daten gel\u00f6scht.<\/h5>\n<h3>b)\u00a0\u00a0\u00a0\u00a0 Zweck &amp; Rechtsgrundlage der Datenverarbeitung<\/h3>\n<h5>Die Verarbeitung der personenbezogenen Daten erfolgt zur Bearbeitung der Kontaktaufnahme. Ihre e-mail-Adresse und die ggfs weiteren von Ihnen angegebenen Daten werden gespeichert, um die Anfrage zu beantworten. Rechtsgrundlage hierf\u00fcr ist Art.\u00a06 Abs.\u00a01 lit.\u00a0f DSGVO.<\/h5>\n<h5>Die Speicherung des Zeitpunkts der Kontaktaufnahme bezweckt, Ihre Anfrage nachzuweisen und ggf. einen m\u00f6glichen Missbrauch Ihrer pers\u00f6nlichen Daten aufkl\u00e4ren zu k\u00f6nnen. Rechtsgrundlage f\u00fcr die Verarbeitung dieser Daten ist ebenfalls Art.\u00a06 Abs.\u00a01 lit.\u00a0f DSGVO.<\/h5>\n<h5>Zielt die Kontaktaufnahme auf den Abschluss des Beitritts ab, so ist zus\u00e4tzliche Rechtsgrundlage f\u00fcr die Verarbeitung Art.\u00a06 Abs.\u00a01 lit.\u00a0b DSGVO.<\/h5>\n<h5><\/h5>\n<h3>c)\u00a0\u00a0\u00a0\u00a0\u00a0 Weitergabe<\/h3>\n<h5>Es verfolgt in diesem Zusammenhang keine Weitergabe der Daten an Dritte. Die Daten werden ausschlie\u00dflich f\u00fcr die Verarbeitung und Beantwortung der Kontaktanfrage verwendet. Die erfassten Daten werden auf unserem email-Server zwischengespeichert. Dieser wird von einem IT-Dienstleiter in unserem Auftrag betrieben. Dieser Dienstleister wurde von uns sorgf\u00e4ltig ausgew\u00e4hlt und beauftragt, ist an unsere Weisungen gebunden und wird regelm\u00e4\u00dfig kontrolliert. Der Dienstleister hat seinen Sitz in der Europ\u00e4ischen Union oder in einem Land des Europ\u00e4ischen Wirtschaftsraums.<\/h5>\n<h3>d)\u00a0\u00a0\u00a0\u00a0\u00a0 Widerspruchs- und Beseitigungsm\u00f6glichkeit<\/h3>\n<h5>Der Nutzer kann der Nutzung seiner personenbezogenen Daten jederzeit widersprechen. In einem solchen Fall kann die Konversation nicht fortgef\u00fchrt werden. Erg\u00e4nzend gilt Abschnitt<br \/>\nC.<\/h5>\n<h3><\/h3>\n<h3>3.\u00a0\u00a0 Download von Formularen (pdf)<\/h3>\n<h5>Sie k\u00f6nnen \u00fcber unsere Webseite unser Beitrittsformular sowie weitere Formulare, z.B. ein Formular f\u00fcr den Lastschrifteinzug des Beitrags, Einwilligungsformular, nach einem Download der jeweiligen pdf-Datei ansehen oder auf Ihrem Endger\u00e4t speichern. Hierbei erfassen wir nur vor\u00fcbergehend die unter B 1 (Logfiles) genannten Daten. Auch im \u00dcbrigen gelten hierf\u00fcr die unter B 1 genannten Informationen.<\/h5>\n<p><strong>\u00a0<\/strong><\/p>\n<h3>C. \u00a0\u00a0\u00a0\u00a0\u00a0 Rechte der betroffenen Person<\/h3>\n<h5>Sie haben als betroffene Person ein Recht auf unentgeltliche Auskunft \u00fcber die bei uns zu Ihrer Person gespeicherten Daten sowie ggf. ein Recht auf Berichtigung, auf Einschr\u00e4nkung der Verarbeitung, auf L\u00f6schung, auf Unterrichtung Dritter, auf Daten\u00fcbertragbarkeit, auf Widerspruch, auf Widerruf einer erteilten datenschutzrechtlichen Einwilligung, auf Nichtdurchf\u00fchrung automatisierter Entscheidungen und \/ oder auf Beschwerde bei der zust\u00e4ndigen Datenschutz-Aufsichtsbeh\u00f6rde. Details hierzu k\u00f6nnen Sie den nachstehenden weiteren Informationen entnehmen.<\/h5>\n<h5>Bei Fragen zur Datenverarbeitung sowie zur Aus\u00fcbung Ihrer Rechte k\u00f6nnen Sie sich an uns als Verantwortlichen oder unseren Datenschutzbeauftragten wenden, s. die Kontaktinformationen unter A. und B. dieses Textes.<\/h5>\n<h3><strong> 1.\u00a0 Auskunftsrecht<\/strong><\/h3>\n<h5>Verarbeiten wir Ihre personenbezogenen Daten, haben Sie das Recht, von uns als Verantwortlichen eine unentgeltliche Auskunft dar\u00fcber zu verlangen, ob wir Ihre personenbezogenen Daten verarbeiten. Ist dies der Fall, haben Sie als Betroffener ein Recht auf Auskunft \u00fcber diese personenbezogenen Daten und auf folgende Informationen:<\/h5>\n<h5>&#8211; die Zwecke, zu denen die personenbezogenen Daten verarbeitet werden;<\/h5>\n<h5>&#8211; die Kategorien von personenbezogenen Daten, welche verarbeitet werden;<\/h5>\n<h5>&#8211; die Empf\u00e4nger bzw. die Kategorien von Empf\u00e4ngern, gegen\u00fcber denen die Sie betreffenden personenbezogenen Daten offengelegt wurden oder noch offengelegt werden;<\/h5>\n<h5>&#8211; die geplante Dauer der Speicherung der Sie betreffenden personenbezogenen Daten oder, falls konkrete Angaben hierzu nicht m\u00f6glich sind, Kriterien f\u00fcr die Festlegung der Speicherdauer;<\/h5>\n<h5>&#8211; das Bestehen eines Rechts auf Berichtigung oder L\u00f6schung der Sie betreffenden personenbezogenen Daten, eines Rechts auf Einschr\u00e4nkung der Verarbeitung durch den Verantwortlichen oder eines Widerspruchsrechts gegen diese Verarbeitung;<\/h5>\n<h5>&#8211; das Bestehen eines Beschwerderechts bei einer Aufsichtsbeh\u00f6rde;<\/h5>\n<h5>&#8211; alle verf\u00fcgbaren Informationen \u00fcber die Herkunft der Daten, wenn die personenbezogenen Daten nicht bei Ihnen als betroffene Person erhoben werden;<\/h5>\n<h5>&#8211; das Bestehen einer automatisierten Entscheidungsfindung einschlie\u00dflich Profiling gem\u00e4\u00df Art.\u00a022 Abs.\u00a01 und 4 DSGVO und \u2013 zumindest in diesen F\u00e4llen \u2013 aussagekr\u00e4ftige Informationen \u00fcber die involvierte Logik sowie die Tragweite und die angestrebten Auswirkungen einer derartigen Verarbeitung f\u00fcr Sie als betroffene Person.<\/h5>\n<h5>Ihnen steht das Recht zu, Auskunft dar\u00fcber zu verlangen, ob die Sie betreffenden personenbezogenen Daten in ein Drittland oder an eine internationale Organisation \u00fcbermittelt werden. In diesem Zusammenhang k\u00f6nnen Sie verlangen, \u00fcber die geeigneten Garantien gem. Art.\u00a046 DSGVO im Zusammenhang mit der \u00dcbermittlung unterrichtet zu werden.<\/h5>\n<h3><strong> 2.\u00a0 Recht auf Berichtigung<\/strong><\/h3>\n<h5>Sie haben ein Recht auf Berichtigung und\/oder Vervollst\u00e4ndigung gegen\u00fcber uns als den Verantwortlichen, sofern die verarbeiteten personenbezogenen Daten, die Sie betreffen, unrichtig oder unvollst\u00e4ndig sind.<\/h5>\n<h3><strong> 3.\u00a0 Recht auf Einschr\u00e4nkung der Verarbeitung<\/strong><\/h3>\n<h5>Sie k\u00f6nnen die Einschr\u00e4nkung der Verarbeitung der Sie betreffenden personenbezogenen Daten verlangen, wenn eine der folgenden Voraussetzungen erf\u00fcllt ist:<\/h5>\n<h5>&#8211; wenn Sie die Richtigkeit, der Sie betreffenden personenbezogenen Daten bestreiten, wird f\u00fcr die Dauer die es uns als Verantwortlichen erm\u00f6glicht, die Richtigkeit der personenbezogenen Daten zu \u00fcberpr\u00fcfe, die Verarbeitung der Daten eingeschr\u00e4nkt;<\/h5>\n<h5>&#8211; die Verarbeitung unrechtm\u00e4\u00dfig ist und Sie die L\u00f6schung der personenbezogenen Daten ablehnen und stattdessen die Einschr\u00e4nkung der Nutzung der personenbezogenen Daten verlangen;<\/h5>\n<h5>&#8211; wir als Verantwortliche die personenbezogenen Daten f\u00fcr die Zwecke der Verarbeitung nicht l\u00e4nger ben\u00f6tigen, Sie diese jedoch zur Geltendmachung, Aus\u00fcbung oder Verteidigung von Rechtsanspr\u00fcchen ben\u00f6tigen, oder<\/h5>\n<h5>&#8211; wenn Sie Widerspruch gegen die Verarbeitung gem\u00e4\u00df Art.\u00a021 Abs.\u00a01 DSGVO eingelegt haben und wir als Verantwortliche die Rechtm\u00e4\u00dfigkeit des Anliegens pr\u00fcfen. Solange noch nicht feststeht, ob die berechtigten Gr\u00fcnde des Verantwortlichen gegen\u00fcber Ihren Gr\u00fcnden \u00fcberwiegen, wird die Verarbeitung der Daten eingeschr\u00e4nkt.<\/h5>\n<h5>Wurde die Verarbeitung der Sie betreffenden personenbezogenen Daten eingeschr\u00e4nkt, d\u00fcrfen diese Daten \u2013 von ihrer Speicherung abgesehen \u2013 nur mit Ihrer Einwilligung oder zur Geltendmachung, Aus\u00fcbung oder Verteidigung von Rechtsanspr\u00fcchen oder zum Schutz der Rechte einer anderen nat\u00fcrlichen oder juristischen Person oder aus Gr\u00fcnden eines wichtigen \u00f6ffentlichen Interesses der Union oder eines Mitgliedstaats verarbeitet werden.<\/h5>\n<h5>Wurde die Einschr\u00e4nkung der Verarbeitung nach den o.g. Voraussetzungen eingeschr\u00e4nkt, werden Sie von uns als Verantwortlichen unterrichtet, bevor die Einschr\u00e4nkung aufgehoben wird.<\/h5>\n<h5><\/h5>\n<h3>4.\u00a0\u00a0\u00a0\u00a0 Recht auf L\u00f6schung<\/h3>\n<h3>a)\u00a0\u00a0\u00a0\u00a0 L\u00f6schungspflicht<\/h3>\n<h5>Sie k\u00f6nnen von uns als Verantwortlichen verlangen, dass die Sie betreffenden personenbezogenen Daten unverz\u00fcglich gel\u00f6scht werden, und wir als Verantwortliche sind verpflichtet, diese Daten unverz\u00fcglich zu l\u00f6schen, sofern einer der folgenden Gr\u00fcnde zutrifft:<\/h5>\n<h5>&#8211; Die Sie betreffenden personenbezogenen Daten sind f\u00fcr die Zwecke, f\u00fcr die sie erhoben oder auf sonstige Weise verarbeitet wurden, nicht mehr notwendig.<\/h5>\n<h5>&#8211; Sie widerrufen Ihre Einwilligung, auf die sich die Verarbeitung gem. Art.\u00a06 Abs.\u00a01 lit.\u00a0a oder Art.\u00a09 Abs.\u00a02 lit.\u00a0a DSGVO st\u00fctzte, und es fehlt an einer anderweitigen Rechtsgrundlage f\u00fcr die Verarbeitung.<\/h5>\n<h5>&#8211; Sie legen gem. Art.\u00a021 Abs.\u00a01 DSGVO Widerspruch gegen die Verarbeitung ein und es liegen keine vorrangigen berechtigten Gr\u00fcnde f\u00fcr die Verarbeitung vor, oder Sie legen gem. Art.\u00a021 Abs.\u00a02 DSGVO Widerspruch gegen die Verarbeitung ein.<\/h5>\n<h5>&#8211; Die Sie betreffenden personenbezogenen Daten wurden unrechtm\u00e4\u00dfig verarbeitet.<\/h5>\n<h5>&#8211; Die L\u00f6schung der Sie betreffenden personenbezogenen Daten ist zur Erf\u00fcllung einer rechtlichen Verpflichtung nach dem Unionsrecht oder dem Recht der Mitgliedstaaten erforderlich, dem der Verantwortliche unterliegt.<\/h5>\n<h5>&#8211; \u00a0\u00a0\u00a0\u00a0\u00a0\u00a0\u00a0\u00a0\u00a0 Die Sie betreffenden personenbezogenen Daten wurden in Bezug auf angebotene Dienste der Informationsgesellschaft gem\u00e4\u00df Art.\u00a08 Abs.\u00a01 DSGVO erhoben.<\/h5>\n<h3>b)\u00a0\u00a0\u00a0\u00a0 Information an Dritte<\/h3>\n<h5>Haben wir als Verantwortliche die Sie betreffenden personenbezogenen Daten \u00f6ffentlich gemacht und sind wir gem. Art.\u00a017 Abs.\u00a01 DSGVO zu deren L\u00f6schung verpflichtet, so werden wir als Verantwortliche unter Ber\u00fccksichtigung der verf\u00fcgbaren Technologie und der Implementierungskosten angemessene Ma\u00dfnahmen, auch technischer Art, treffen, um f\u00fcr die Datenverarbeitung Verantwortliche, die die personenbezogenen Daten verarbeiten, dar\u00fcber zu informieren, dass Sie als betroffene Person von ihnen die L\u00f6schung aller Links zu diesen personenbezogenen Daten oder von Kopien oder Replikationen dieser personenbezogenen Daten verlangt haben.<\/h5>\n<h4><\/h4>\n<h3>c)\u00a0\u00a0\u00a0\u00a0 Ausnahmen<\/h3>\n<h5>Das Recht auf L\u00f6schung und auf Information Dritter besteht nicht, soweit die Verarbeitung erforderlich ist<\/h5>\n<h5>&#8211; zur Aus\u00fcbung des Rechts auf freie Meinungs\u00e4u\u00dferung und Information;<\/h5>\n<h5>&#8211; zur Erf\u00fcllung einer rechtlichen Verpflichtung, die die Verarbeitung nach dem Recht der Union oder der Mitgliedstaaten erfordert, dem wir als Verantwortliche unterliegen, oder zur Wahrnehmung einer Aufgabe, die im \u00f6ffentlichen Interesse liegt oder in Aus\u00fcbung \u00f6ffentlicher Gewalt erfolgt, die dem Verantwortlichen \u00fcbertragen wurde;<\/h5>\n<h5>&#8211; aus Gr\u00fcnden des \u00f6ffentlichen Interesses im Bereich der \u00f6ffentlichen Gesundheit gem\u00e4\u00df Art.\u00a09 Abs.\u00a02 lit.\u00a0h und i sowie Art.\u00a09 Abs.\u00a03 DSGVO;<\/h5>\n<h5>&#8211; f\u00fcr im \u00f6ffentlichen Interesse liegende Archivzwecke, wissenschaftliche oder historische Forschungszwecke oder f\u00fcr statistische Zwecke gem. Art.\u00a089 Abs.\u00a01 DSGVO, soweit das unter Abschnitt a) genannte Recht voraussichtlich die Verwirklichung der Ziele dieser Verarbeitung unm\u00f6glich macht oder ernsthaft beeintr\u00e4chtigt, oder<\/h5>\n<h5>&#8211; zur Geltendmachung, Aus\u00fcbung oder Verteidigung von Rechtsanspr\u00fcchen.<\/h5>\n<h3>5.\u00a0\u00a0\u00a0\u00a0 Recht auf Unterrichtung<\/h3>\n<h5>Wir teilen allen Empf\u00e4ngern, denen Sie betreffende personenbezogene Daten offengelegt wurden, jede Berichtigung, L\u00f6schung oder Einschr\u00e4nkung der Verarbeitung mit, es sei denn, dies erweist sich als unm\u00f6glich oder ist mit einem unverh\u00e4ltnism\u00e4\u00dfigen Aufwand verbunden.<\/h5>\n<h5>Ihnen steht gegen\u00fcber uns als Verantwortlichen das Recht zu, \u00fcber diese Empf\u00e4nger unterrichtet zu werden.<\/h5>\n<h3>6.\u00a0\u00a0\u00a0\u00a0\u00a0 Recht auf Daten\u00fcbertragbarkeit<\/h3>\n<h5>Sie haben das Recht, die Sie betreffenden personenbezogenen Daten, die Sie uns als Verantwortlichen bereitgestellt haben, in einem strukturierten, g\u00e4ngigen und maschinenlesbaren Format zu erhalten. Au\u00dferdem haben Sie das Recht diese Daten einem anderen Verantwortlichen ohne Behinderung durch uns als Verantwortlichen, dem die personenbezogenen Daten bereitgestellt wurden, zu \u00fcbermitteln, sofern<\/h5>\n<h5>&#8211; die Verarbeitung auf einer Einwilligung gem. Art.\u00a06 Abs.\u00a01 lit.\u00a0a DSGVO oder Art.\u00a09 Abs.\u00a02 lit.\u00a0a DSGVO oder auf einem Vertrag gem. Art.\u00a06 Abs.\u00a01 lit.\u00a0b DSGVO beruht und<\/h5>\n<h5>&#8211; die Verarbeitung mithilfe automatisierter Verfahren erfolgt.<\/h5>\n<h5>In Aus\u00fcbung dieses Rechts haben Sie ferner das Recht, zu erwirken, dass die Sie betreffenden personenbezogenen Daten direkt von uns als Verantwortlichen an einen anderen Verantwortlichen \u00fcbermittelt werden, soweit dies technisch machbar ist. Freiheiten und Rechte anderer Personen d\u00fcrfen hierdurch nicht beeintr\u00e4chtigt werden.<\/h5>\n<h5>Das Recht auf Daten\u00fcbertragbarkeit gilt nicht f\u00fcr eine Verarbeitung personenbezogener Daten, die f\u00fcr die Wahrnehmung einer Aufgabe erforderlich ist, die im \u00f6ffentlichen Interesse liegt oder in Aus\u00fcbung \u00f6ffentlicher Gewalt erfolgt, die uns als Verantwortlichen \u00fcbertragen wurde.<\/h5>\n<h3><span style=\"color: #ff6600;\">7.\u00a0\u00a0\u00a0\u00a0\u00a0 Widerspruchsrecht<\/span><\/h3>\n<h3><span style=\"color: #ff6600;\"><strong>Sie haben das Recht, aus Gr\u00fcnden, die sich aus ihrer besonderen Situation ergeben, jederzeit gegen die Verarbeitung der Sie betreffenden personenbezogenen Daten, die aufgrund von Art.\u00a06 Abs.\u00a01 lit.\u00a0e oder f DSGVO erfolgt, Widerspruch einzulegen; dies gilt auch f\u00fcr ein auf diese Bestimmungen gest\u00fctztes Profiling. <\/strong><\/span><\/h3>\n<h3><span style=\"color: #ff6600;\"><strong>Wir als Verantwortliche verarbeiten die Sie betreffenden personenbezogenen Daten nicht mehr, es sei denn, wir k\u00f6nnen zwingende schutzw\u00fcrdige Gr\u00fcnde f\u00fcr die Verarbeitung nachweisen, die Ihre Interessen, Rechte und Freiheiten \u00fcberwiegen, oder die Verarbeitung dient der Geltendmachung, Aus\u00fcbung oder Verteidigung von Rechtsanspr\u00fcchen.<\/strong><\/span><\/h3>\n<h3><span style=\"color: #ff6600;\"><strong>Werden die Sie betreffenden personenbezogenen Daten verarbeitet, um Direktwerbung zu betreiben, haben Sie das Recht, jederzeit Widerspruch gegen die Verarbeitung der Sie betreffenden personenbezogenen Daten zum Zwecke derartiger Werbung einzulegen; dies gilt auch f\u00fcr das Profiling, soweit es mit solcher Direktwerbung in Verbindung steht.<\/strong><\/span><\/h3>\n<h3><span style=\"color: #ff6600;\"><strong>Widersprechen Sie der Verarbeitung f\u00fcr Zwecke der Direktwerbung, so werden die Sie betreffenden personenbezogenen Daten nicht mehr f\u00fcr diese Zwecke verarbeitet.<\/strong><\/span><\/h3>\n<h3><span style=\"color: #ff6600;\"><strong>Sie haben die M\u00f6glichkeit, im Zusammenhang mit der Nutzung von Diensten der Informationsgesellschaft \u2013 ungeachtet der Richtlinie 2002\/58\/EG \u2013 Ihr Widerspruchsrecht mittels automatisierter Verfahren auszu\u00fcben, bei denen technische Spezifikationen verwendet werden.<\/strong><\/span><\/h3>\n<h3><\/h3>\n<h3>8.\u00a0\u00a0\u00a0\u00a0\u00a0 Recht auf Widerruf der datenschutzrechtlichen Einwilligungserkl\u00e4rung<\/h3>\n<h5>Sie haben das Recht, Ihre datenschutzrechtliche Einwilligungserkl\u00e4rung jederzeit zu widerrufen. Durch den Widerruf der Einwilligung wird die Rechtm\u00e4\u00dfigkeit, der aufgrund der Einwilligung bis zum Widerruf erfolgten Verarbeitung nicht ber\u00fchrt.<\/h5>\n<h3>9.\u00a0\u00a0\u00a0\u00a0\u00a0 Automatisierte Entscheidung im Einzelfall einschlie\u00dflich Profiling<\/h3>\n<h5>Sie haben das Recht, nicht einer ausschlie\u00dflich auf einer automatisierten Verarbeitung \u2013 einschlie\u00dflich Profiling \u2013 beruhenden Entscheidung unterworfen zu werden, die Ihnen gegen\u00fcber rechtliche Wirkung entfaltet oder Sie in \u00e4hnlicher Weise erheblich beeintr\u00e4chtigt.<\/h5>\n<h3>Dies gilt nicht, wenn die Entscheidung<\/h3>\n<h4>a) f\u00fcr den Abschluss oder die Erf\u00fcllung eines Vertrags zwischen Ihnen und uns als Verantwortlichen erforderlich ist,<\/h4>\n<h4>b) aufgrund von Rechtsvorschriften der Union oder der Mitgliedstaaten, denen wir als Verantwortliche unterliegen, zul\u00e4ssig ist und diese Rechtsvorschriften angemessene Ma\u00dfnahmen zur Wahrung Ihrer Rechte und Freiheiten sowie Ihrer berechtigten Interessen enthalten oder<\/h4>\n<h4><strong>c)<\/strong> mit Ihrer ausdr\u00fccklichen Einwilligung erfolgt.<\/h4>\n<h4>Allerdings d\u00fcrfen diese Entscheidungen nicht auf besonderen Kategorien personenbezogener Daten nach Art.\u00a09 Abs.\u00a01 DSGVO beruhen, sofern nicht Art.\u00a09 Abs.\u00a02 lit.\u00a0a oder g gilt und angemessene Ma\u00dfnahmen zum Schutz der Rechte und Freiheiten sowie Ihrer berechtigten Interessen getroffen wurden.<\/h4>\n<h4>Soweit ein Fall nach a) oder c) vorliegt, treffen wir als Verantwortliche angemessene Ma\u00dfnahmen, um die Rechte und Freiheiten sowie Ihre berechtigten Interessen zu wahren, wozu mindestens das Recht auf Erwirkung des Eingreifens einer Person unsererseits als Verantwortlichen, auf Darlegung des eigenen Standpunkts und auf Anfechtung der Entscheidung geh\u00f6rt.<\/h4>\n<h3>10.\u00a0\u00a0\u00a0 Recht auf Beschwerde bei einer Aufsichtsbeh\u00f6rde<\/h3>\n<h5>Unbeschadet eines anderweitigen verwaltungsrechtlichen oder gerichtlichen Rechtsbehelfs steht Ihnen das Recht auf Beschwerde bei einer Aufsichtsbeh\u00f6rde, insbesondere in dem Mitgliedstaat Ihres Aufenthaltsorts, Ihres Arbeitsplatzes oder des Orts des mutma\u00dflichen Versto\u00dfes, zu, wenn Sie der Ansicht sind, dass die Verarbeitung der Sie betreffenden personenbezogenen Daten gegen die DSGVO verst\u00f6\u00dft.<\/h5>\n<h5>Die Aufsichtsbeh\u00f6rde, bei der die Beschwerde eingereicht wurde, unterrichtet den Beschwerdef\u00fchrer \u00fcber den Stand und die Ergebnisse der Beschwerde einschlie\u00dflich der M\u00f6glichkeit eines gerichtlichen Rechtsbehelfs nach Art.\u00a078 DSGVO.<\/h5>\n","protected":false},"excerpt":{"rendered":"<p>Datenschutzerkl\u00e4rung: Gliederung \/ Verzeichnis A.\u00a0\u00a0 Name und Kontaktdaten des f\u00fcr die Verarbeitung Verantwortlichen B.\u00a0\u00a0 Umfang der Verarbeitung personenbezogener Daten, Zweck der Verarbeitung \u00a0Aufruf unserer Website und Erstellung von Logfiles \u00a0\u00a0\u00a0\u00a0\u00a0\u00a0 a)\u00a0 Beschreibung der Datenverarbeitung, Speicherung \u00a0\u00a0\u00a0\u00a0\u00a0\u00a0 b)\u00a0 Zweck &amp; Rechtsgrundlage der Datenverarbeitung \u00a0\u00a0\u00a0\u00a0\u00a0\u00a0 c)\u00a0 Weitergabe, Empf\u00e4nger \u00a0\u00a0\u00a0\u00a0\u00a0\u00a0 d)\u00a0 Widerspruchs- und Beseitigungsm\u00f6glichkeit Kontaktaufnahme per email durch [&hellip;]<\/p>\n","protected":false},"author":4,"featured_media":0,"parent":0,"menu_order":11,"comment_status":"closed","ping_status":"closed","template":"","meta":{"footnotes":""},"class_list":["post-3158","page","type-page","status-publish","hentry"],"_links":{"self":[{"href":"https:\/\/www.foerderverein-herschwiesen.de\/index.php?rest_route=\/wp\/v2\/pages\/3158","targetHints":{"allow":["GET"]}}],"collection":[{"href":"https:\/\/www.foerderverein-herschwiesen.de\/index.php?rest_route=\/wp\/v2\/pages"}],"about":[{"href":"https:\/\/www.foerderverein-herschwiesen.de\/index.php?rest_route=\/wp\/v2\/types\/page"}],"author":[{"embeddable":true,"href":"https:\/\/www.foerderverein-herschwiesen.de\/index.php?rest_route=\/wp\/v2\/users\/4"}],"replies":[{"embeddable":true,"href":"https:\/\/www.foerderverein-herschwiesen.de\/index.php?rest_route=%2Fwp%2Fv2%2Fcomments&post=3158"}],"version-history":[{"count":12,"href":"https:\/\/www.foerderverein-herschwiesen.de\/index.php?rest_route=\/wp\/v2\/pages\/3158\/revisions"}],"predecessor-version":[{"id":5494,"href":"https:\/\/www.foerderverein-herschwiesen.de\/index.php?rest_route=\/wp\/v2\/pages\/3158\/revisions\/5494"}],"wp:attachment":[{"href":"https:\/\/www.foerderverein-herschwiesen.de\/index.php?rest_route=%2Fwp%2Fv2%2Fmedia&parent=3158"}],"curies":[{"name":"wp","href":"https:\/\/api.w.org\/{rel}","templated":true}]}}